{"id":531,"date":"2018-01-29T19:33:38","date_gmt":"2018-01-29T19:33:38","guid":{"rendered":"http:\/\/artemoc.scicog.fr\/?page_id=531"},"modified":"2018-01-29T23:35:00","modified_gmt":"2018-01-29T23:35:00","slug":"seminaire-2016","status":"publish","type":"page","link":"https:\/\/artemoc.scicog.fr\/?page_id=531","title":{"rendered":"Atelier 2016"},"content":{"rendered":"<h1 style=\"text-align: center;\">Mardi 13 septembre, ARTEMOC fait sa rentr\u00e9e avec une Journ\u00e9e d&#8217;\u00c9tudes \u00e0 l&#8217;\u00c9cole Normale Sup\u00e9rieure<\/h1>\n<h3 style=\"text-align: center;\">organis\u00e9e par Juan Gonzalez, David Dupuis, Rapha\u00ebl Milli\u00e8re, Guillaume Dumas et Martin Fortier<\/h3>\n<p><strong>9h-13h (s\u00e9ance ferm\u00e9e): <\/strong>Rencontre des membres de l&#8217;associaton et expos\u00e9 d\u2019int\u00e9r\u00eats\/travaux individuels.<strong><br \/>\n<\/strong><\/p>\n<p><strong>13h-14h30:<\/strong> D\u00e9jeuner<\/p>\n<p><strong>14h30-16h (s\u00e9ance ouverte):<\/strong> Table Ronde: \u201cPerception et hallucination: rapports et sens de r\u00e9alit\u00e9\u201d <span class=\"fsl\">(Coordinateur: Juan Gonzalez)<br \/>\n<\/span>Avec J\u00e9r\u00f4me DOKIC, Martin FORTIER, Juan GONZALEZ &amp; Kevin O\u2019REGAN<\/p>\n<p><strong>16h-17h30 (s\u00e9ance ouverte):<\/strong> Table Ronde: \u201cApproches neuropharmacologiques\/neurocognitives des EMCs\u201d <span class=\"fsl\"> (Coordinateur: Rapha\u00ebl Milli\u00e8re)<\/span><br \/>\nAvec Guillaume DUMAS, Martin FORTIER &amp; Rapha\u00ebl MILLIERE<\/p>\n<p><strong>17h30-19h (s\u00e9ance ouverte):<\/strong>\u00a0Table Ronde: \u201cRegards crois\u00e9s sur la possession\u201d <span class=\"fsl\"><span class=\"text_exposed_show\">(Coordinateur: David Dupuis)<br \/>\nA<\/span><\/span>vec Maddalena CANNA, David DUPUIS &amp; Arnaud HALLOY<\/p>\n<p><strong>Adresse: <\/strong>ENS, salle Paul Langevin: 29, rue d&#8217;Ulm (75005), 1er \u00e9tage (prendre le grand escalier), juste \u00e0 l&#8217;entr\u00e9e de la Biblioth\u00e8que de Sciences Exp\u00e9rimentales.<br \/>\n<strong> Inscription:<\/strong> gratuite mais n\u00e9cessaire aupr\u00e8s de martin.fortier [at] ens.fr<\/p>\n<hr \/>\n","protected":false},"excerpt":{"rendered":"<p>Mardi 13 septembre, ARTEMOC fait sa rentr\u00e9e avec une Journ\u00e9e d&#8217;\u00c9tudes \u00e0 l&#8217;\u00c9cole Normale Sup\u00e9rieure organis\u00e9e par Juan Gonzalez, David Dupuis, Rapha\u00ebl Milli\u00e8re, Guillaume Dumas&#8230;<\/p>\n","protected":false},"author":1,"featured_media":0,"parent":0,"menu_order":0,"comment_status":"closed","ping_status":"closed","template":"","meta":{"spay_email":""},"jetpack_sharing_enabled":true,"jetpack_shortlink":"https:\/\/wp.me\/P7QpIM-8z","jetpack-related-posts":[{"id":2,"url":"https:\/\/artemoc.scicog.fr\/","url_meta":{"origin":531,"position":0},"title":"Bienvenue sur la page de l'ARTEMOC","date":"25\/10\/2012","format":false,"excerpt":"Les \u00e9tats modifi\u00e9s de conscience (EMCs) ont depuis longtemps intrigu\u00e9 philosophes, chercheurs en sciences sociales et scientifiques. La connaissance que nous avons aujourd\u2019hui de ces \u00e9tats reste pourtant tr\u00e8s lacunaire et beaucoup des \u00e9tudes et des th\u00e9ories qui leur sont consacr\u00e9es sont m\u00e9thodologiquement insatisfaisantes et versent souvent dans le paranormal\u2026","rel":"","context":"Similar post","img":{"alt_text":"","src":"","width":0,"height":0},"classes":[]},{"id":22,"url":"https:\/\/artemoc.scicog.fr\/?page_id=22","url_meta":{"origin":531,"position":1},"title":"Ressources","date":"25\/10\/2012","format":false,"excerpt":"Rapport PIRSTEC\u00a0: Dumas, Gonz\u00e1lez, Lehmann, Recherche transdisciplinaire sur les hallucinations et autres \u00e9tats modifi\u00e9s de conscience (2009). [T\u00e9l\u00e9charger le PDF] Num\u00e9ro sp\u00e9cial d\u2019Intellectica\u00a0: Dumas, Fortier, Gonz\u00e1lez (\u00e9ds.), Les \u00e9tats modifi\u00e9s de conscience en question\u00a0: anciennes limites et nouvelles approches (2017). [Acc\u00e9der au num\u00e9ro]","rel":"","context":"Similar post","img":{"alt_text":"","src":"","width":0,"height":0},"classes":[]},{"id":14,"url":"https:\/\/artemoc.scicog.fr\/?page_id=14","url_meta":{"origin":531,"position":2},"title":"Ateliers 2007","date":"25\/10\/2012","format":false,"excerpt":"Pr\u00e9sentation Les ateliers 2007 ont \u00e9t\u00e9 la continuation du s\u00e9minaire 2006, qui a abord\u00e9 l\u2019exp\u00e9rience hallucinatoire dans un contexte transdisciplinaire afin de : 1) mieux comprendre sa ph\u00e9nom\u00e9nologie concomitante pr\u00e9cise; 2) \u00e9valuer la validit\u00e9 des arguments \u00e9pist\u00e9mologiques et le bien-fond\u00e9 de certaines postures dans la Th\u00e9orie de la Perception; 3)\u2026","rel":"","context":"Similar post","img":{"alt_text":"","src":"","width":0,"height":0},"classes":[]},{"id":413,"url":"https:\/\/artemoc.scicog.fr\/?page_id=413","url_meta":{"origin":531,"position":3},"title":"Colloque 2015","date":"02\/07\/2015","format":false,"excerpt":"Argument Le concept d\u2019hallucination et celui d\u2019\u00e9tat modifi\u00e9 de conscience sont utilis\u00e9s \u00e0 travers de nombreuses disciplines afin de d\u00e9signer un ensemble d\u2019exp\u00e9riences subjectives, de processus mentaux et de comportements auxquels se trouvent confront\u00e9s psychologues, psychiatres, neuroscientifiques, anthropologues ou encore philosophes. De nombreuses voix se sont toutefois \u00e9lev\u00e9es pour mettre\u2026","rel":"","context":"Similar post","img":{"alt_text":"","src":"https:\/\/i2.wp.com\/artemoc.scicog.fr\/wp-content\/uploads\/2015\/07\/Affiche_Colloque_ARTEMOC_2015_LD1-724x1024.jpg?resize=350%2C200","width":350,"height":200},"classes":[]},{"id":47,"url":"https:\/\/artemoc.scicog.fr\/?page_id=47","url_meta":{"origin":531,"position":4},"title":"Colloque 2009","date":"25\/10\/2012","format":false,"excerpt":"Pr\u00e9sentation Pour cette deuxi\u00e8me \u00e9dition du Colloque de printemps sur les hallucinations et les \u00e9tats modifi\u00e9s de conscience (Paris, 8-11 avril 2009), nous avons con\u00e7u un programme qui capitalise les efforts et les r\u00e9sultats des manifestations pr\u00e9c\u00e9dentes, mais qui ouvre aussi sur de nouveaux champs de recherche concernant les \u00e9tats\u2026","rel":"","context":"Similar post","img":{"alt_text":"","src":"","width":0,"height":0},"classes":[]},{"id":236,"url":"https:\/\/artemoc.scicog.fr\/?page_id=236","url_meta":{"origin":531,"position":5},"title":"Colloque 2008","date":"04\/11\/2012","format":false,"excerpt":"Pr\u00e9sentation Le 1er Colloque de Printemps sur les Hallucinations dans la Philosophie et les Sciences Cognitives s'est tenu du 26 au 29\u00a0 mars 2008, \u00e0\u00a0 Paris. Ce fut un effort collectif non subventionn\u00e9, qui a pu avoir lieu gr\u00e2ce au travail\u00a0 b\u00e9n\u00e9vole de plusieurs volontaires et institutions. Le programme a\u2026","rel":"","context":"Similar post","img":{"alt_text":"","src":"https:\/\/i1.wp.com\/artemoc.scicog.fr\/wp-content\/uploads\/2012\/11\/Colloque2008.jpg?resize=350%2C200","width":350,"height":200},"classes":[]}],"_links":{"self":[{"href":"https:\/\/artemoc.scicog.fr\/index.php?rest_route=\/wp\/v2\/pages\/531"}],"collection":[{"href":"https:\/\/artemoc.scicog.fr\/index.php?rest_route=\/wp\/v2\/pages"}],"about":[{"href":"https:\/\/artemoc.scicog.fr\/index.php?rest_route=\/wp\/v2\/types\/page"}],"author":[{"embeddable":true,"href":"https:\/\/artemoc.scicog.fr\/index.php?rest_route=\/wp\/v2\/users\/1"}],"replies":[{"embeddable":true,"href":"https:\/\/artemoc.scicog.fr\/index.php?rest_route=%2Fwp%2Fv2%2Fcomments&post=531"}],"version-history":[{"count":2,"href":"https:\/\/artemoc.scicog.fr\/index.php?rest_route=\/wp\/v2\/pages\/531\/revisions"}],"predecessor-version":[{"id":543,"href":"https:\/\/artemoc.scicog.fr\/index.php?rest_route=\/wp\/v2\/pages\/531\/revisions\/543"}],"wp:attachment":[{"href":"https:\/\/artemoc.scicog.fr\/index.php?rest_route=%2Fwp%2Fv2%2Fmedia&parent=531"}],"curies":[{"name":"wp","href":"https:\/\/api.w.org\/{rel}","templated":true}]}}