{"id":236,"date":"2012-11-04T23:15:46","date_gmt":"2012-11-04T23:15:46","guid":{"rendered":"http:\/\/artemoc.scicog.fr\/?page_id=236"},"modified":"2014-10-02T12:19:41","modified_gmt":"2014-10-02T12:19:41","slug":"colloque-2008","status":"publish","type":"page","link":"https:\/\/artemoc.scicog.fr\/?page_id=236","title":{"rendered":"Colloque 2008"},"content":{"rendered":"<h1><a href=\"https:\/\/i1.wp.com\/artemoc.scicog.fr\/wp-content\/uploads\/2012\/11\/Colloque2008.jpg\"><img data-attachment-id=\"248\" data-permalink=\"https:\/\/artemoc.scicog.fr\/?attachment_id=248\" data-orig-file=\"https:\/\/i1.wp.com\/artemoc.scicog.fr\/wp-content\/uploads\/2012\/11\/Colloque2008.jpg?fit=759%2C354&amp;ssl=1\" data-orig-size=\"759,354\" data-comments-opened=\"1\" data-image-meta=\"{&quot;aperture&quot;:&quot;0&quot;,&quot;credit&quot;:&quot;&quot;,&quot;camera&quot;:&quot;&quot;,&quot;caption&quot;:&quot;&quot;,&quot;created_timestamp&quot;:&quot;0&quot;,&quot;copyright&quot;:&quot;&quot;,&quot;focal_length&quot;:&quot;0&quot;,&quot;iso&quot;:&quot;0&quot;,&quot;shutter_speed&quot;:&quot;0&quot;,&quot;title&quot;:&quot;&quot;}\" data-image-title=\"Colloque2008\" data-image-description=\"\" data-medium-file=\"https:\/\/i1.wp.com\/artemoc.scicog.fr\/wp-content\/uploads\/2012\/11\/Colloque2008.jpg?fit=300%2C139&amp;ssl=1\" data-large-file=\"https:\/\/i1.wp.com\/artemoc.scicog.fr\/wp-content\/uploads\/2012\/11\/Colloque2008.jpg?fit=759%2C354&amp;ssl=1\" loading=\"lazy\" class=\"alignnone size-full wp-image-248\" title=\"Colloque2008\" src=\"https:\/\/i1.wp.com\/artemoc.scicog.fr\/wp-content\/uploads\/2012\/11\/Colloque2008.jpg?resize=759%2C354\" alt=\"\" width=\"759\" height=\"354\" srcset=\"https:\/\/i1.wp.com\/artemoc.scicog.fr\/wp-content\/uploads\/2012\/11\/Colloque2008.jpg?w=759&amp;ssl=1 759w, https:\/\/i1.wp.com\/artemoc.scicog.fr\/wp-content\/uploads\/2012\/11\/Colloque2008.jpg?w=300&amp;ssl=1 300w\" sizes=\"(max-width: 759px) 100vw, 759px\" data-recalc-dims=\"1\" \/><\/a><\/h1>\n<h1>Pr\u00e9sentation<\/h1>\n<p style=\"text-align: justify;\">Le 1er Colloque de Printemps sur les Hallucinations dans la Philosophie et les Sciences Cognitives s&#8217;est tenu du 26 au 29\u00a0 mars 2008, \u00e0\u00a0 Paris. Ce fut un effort collectif non subventionn\u00e9, qui a pu avoir lieu gr\u00e2ce au travail\u00a0 b\u00e9n\u00e9vole de plusieurs volontaires et institutions. Le programme a inclut de nombreuses disciplines repr\u00e9sent\u00e9e par des chercheurs venus de plusieurs continents pour pr\u00e9senter leur travaux de la plus haute\u00a0 qualit\u00e9. Cet \u00e9v\u00e8nement b\u00e9n\u00e9ficieait du soutien du RISC et de Doc&#8217;Up (France), ainsi que de Maps (USA).<\/p>\n<h1 style=\"text-align: justify;\">Objectifs Scientifiques<\/h1>\n<p style=\"text-align: justify;\">Les \u00e9tats modifi\u00e9s de conscience et, tout particuli\u00e8rement, les hallucinations perceptives, ont depuis longtemps intrigu\u00e9 les philosophes et les scientifiques s\u2019int\u00e9ressant \u00e0 la cognition. On a depuis longtemps \u00e9voqu\u00e9 ces \u00e9tats anormaux pour, entre autres, cautionner le scepticisme philosophique, fonder l\u2019id\u00e9e de perception v\u00e9ridique, \u00e9tayer des th\u00e9ories indirectes sur la perception, \u00e9tudier la nature et les m\u00e9canismes de la conscience, d\u00e9limiter nos concepts de sant\u00e9 mentale, explorer des th\u00e9rapies en psychologie clinique, inspirer le travail des artistes et, enfin, pour comprendre ce que William James a appel\u00e9 \u00ab les vari\u00e9t\u00e9s de l\u2019exp\u00e9rience religieuse \u00bb. Pourtant, \u00e0 l\u2019heure actuelle la ph\u00e9nom\u00e9nologie pr\u00e9cise de ces \u00e9tats demeure largement m\u00e9connue par la communaut\u00e9 philosophique et scientifique et, de ce fait, nos th\u00e9ories sur l\u2019exp\u00e9rience hallucinatoire s\u2019av\u00e8rent inad\u00e9quates ou d\u00e9pass\u00e9es \u2013-\u00e0 commencer par la d\u00e9finition d\u2019Esquirol, encore largement r\u00e9pandue, selon laquelle une hallucination serait \u00ab une perception fausse ou sans objet \u00bb. En outre, les donn\u00e9es que nous avons sur le sujet sont dispers\u00e9es dans des disciplines aussi vari\u00e9es que la litt\u00e9rature, l\u2019histoire, l\u2019ethnobotanie, la psychiatrie, l\u2019anthropologie, la psychologie, les neurosciences cognitives, la philosophie et l\u2019art.<br \/>\nNous souhaitons aborder l\u2019exp\u00e9rience hallucinatoire dans un contexte transdisciplinaire afin de :<br \/>\n1) mieux comprendre sa ph\u00e9nom\u00e9nologie concomitante pr\u00e9cise;<br \/>\n2) \u00e9valuer la validit\u00e9 des arguments \u00e9pist\u00e9mologiques et le bien-fond\u00e9 de certaines postures dans la Th\u00e9orie de la Perception;<br \/>\n3) dresser un \u00e9tat de l\u2019art concernant les \u00e9tudes empiriques s\u2019y rattachant;<br \/>\n4) se questionner sur nos conceptions de la nature de la connaissance et de la conscience dans la philosophie et les sciences (post)modernes.<\/p>\n<p style=\"text-align: justify;\">Puisque nous nous int\u00e9ressons \u00e0 la nature et aux m\u00e9canismes de la perception (notamment visuelle) et, tout particuli\u00e8rement, \u00e0 la distinction entre les exp\u00e9riences dites \u2018v\u00e9ridiques\u2019\u2019 et celles dites \u2018hallucinatoires\u2019, on porte une attention sp\u00e9ciale aux r\u00e9cits de ceux qui ont exp\u00e9riment\u00e9 avec des substances psychoactives et aux \u00e9tudes empiriques concernant l\u2019utilisation de ces substances.<\/p>\n<h1>Intervenants<\/h1>\n<p>(ordre alphab\u00e9tique)<\/p>\n<p><strong>A propos de l\u2019ivresse, et de ses diff\u00e9rences, engendr\u00e9e par la prise de quatre plantes psychotropes parmi les Awaj\u00fan\u00a0(groupe Jivaro, P\u00e9rou)<\/strong><br \/>\nSebastien Baud, Phd &#8211; Anthropologie &#8211; Centre de Recherches Interdisciplinaires en Anthropologie, Universit\u00e9 Marc Bloch, Strasbourg<\/p>\n<p><strong>Entheogens and Visionary Art &#8211;\u00a0Enth\u00e9og\u00e8nes et Art Visionnaire<\/strong><br \/>\n<em><strong>After a general survey of the contemporary Visionary art movement, we will concentrate on works that manifest altered states of perception, and examine the artists\u2019 own attitude to these visions as real or hallucinatory.<\/strong><\/em><br \/>\nLaurence Caruana\u00a0&#8211; Art Visionnaire &#8211; <a href=\"http:\/\/www.lcaruana.com\/\">www.lcaruana.com<\/a><\/p>\n<p>Dipl\u00f4m\u00e9 de l&#8217;Universit\u00e9 de Toronto avec une ma\u00eetrise en Philosophie, il a ensuite \u00e9tudi\u00e9 la peinture \u00e0 l&#8217;Akademie der Bildenden K\u00fcnste \u00e0 Vienne. En 2000 il a fait un apprentissage avec le ma\u00eetre viennois du r\u00e9alisme fantastique Ernst Fuchs \u00e0 Monaco, travaillant \u00e0 ses c\u00f4t\u00e9s comme assistant.<\/p>\n<p>Pendant ses d\u00e9ambulations, il a activement not\u00e9 ses r\u00eaves et a \u00e9largi leur imagerie \u00e0 travers les mythes. Ses oeuvres visionnaires sont inspir\u00e9es des souvenirs et songes, des exp\u00e9riences enth\u00e9ogeniques et de l&#8217;interaction entre diff\u00e9rents styles et symboles culturels. Son int\u00e9r\u00eat pour l&#8217;art et l&#8217;iconographie sacr\u00e9s l&#8217;a incit\u00e9 \u00e0 beaucoup voyager, \u00e9tudiant les traditions spirituelles du Christianisme gothique et de la renaissance, du Christianisme byzantin, de l&#8217;Egypte ancienne, de l&#8217;Hindouisme , du Bouddhisme, et des cultures Maya et Azt\u00e8que.<\/p>\n<p>Il est l&#8217;auteur de plusieurs livres:<\/p>\n<p>&#8211; Entrer \u00e0 travers l&#8217;Image : l&#8217;Ancien Langage d&#8217;Images dans les Mythes, l&#8217;Art et les R\u00eaves (versions anglaise et fran\u00e7aise)<br \/>\n&#8211; le Manifeste de l&#8217;Art Visionnaire (versions anglaise et fran\u00e7aise)<br \/>\n&#8211; La Passion Cach\u00e9e : un roman du Christ gnostique bas\u00e9 sur les textes de Nag Hammadi (en anglais)<\/p>\n<p><strong>Overview of psychedelic research projects and strategy &#8211;\u00a0Panorama des projets de recherche psych\u00e9d\u00e9lique et de la strat\u00e9gie de Maps<\/strong><br \/>\nRick Doblin, MD &#8211; Psychedelic Research \/ Society &#8211; President of the Multidisciplinary Association for Psychedelic Studies &#8211; <a href=\"http:\/\/www.maps.org\/\">www.maps.org<\/a><\/p>\n<p>Rick is the founder (in 1986) and president of MAPS. His dissertation (Public Policy, Harvard&#8217;s Kennedy School of Government) was on &#8220;The Regulation of the Medical Use of Psychedelics and Marijuana,&#8221; and his master&#8217;s thesis (Harvard) focused on the attitudes and experiences of oncologists concerning the medical use of marijuana. His undergraduate thesis (New College of Florida) was a twenty-five year follow-up to the classic\u00a0 Good Friday Experiment, which evaluated the potential of psychedelic drugs to catalyze religious experiences. He has also conducted a thirty-four year follow-up study to Tim Leary&#8217;s Concord Prison experiment.<br \/>\nDoblin has also studied with Stan Grof, M.D., and was in the first group to become certified as holotropic breathwork practitioners. His professional goal is to help develop legal contexts for the beneficial uses of psychedelics and marijuana, primarily as prescription medicines but also for personal growth for otherwise &#8220;healthy&#8221; people, and to also become a legally licensed psychedelic therapist<\/p>\n<p><strong>Allocution d&#8217;introduction du colloque &#8211; Introductory allocution<\/strong><br \/>\nPierre Etevenon, Phd &#8211; Neuro-psycho-pharmacologie (INSERM) &#8211;\u00a0<a href=\"http:\/\/sommeil.univ-lyon1.fr\/articles\/savenir\/auteurs\/etevenon\/bio.html\">http:\/\/sommeil.univ-lyon1.fr\/articles\/savenir\/auteurs\/etevenon\/bio.html<\/a><br \/>\nDirecteur de recherche INSERM honoraire, il se consacre principalement \u00e0 l&#8217;\u00e9tude des \u00e9tats de conscience, de vigilance et de sommeil.<\/p>\n<p>Il a cr\u00e9\u00e9 au Centre Esquirol du CHU C\u00f4te de Nacre, le &#8220;laboratoire de cartographie EEG&#8221;. Il a auparavant \u00e9t\u00e9 chercheur INSERM \u00e0 Paris au Centre Hospitalier Sainte-Anne aupr\u00e8s du Pr Deniker et du Pr Boissier (Unit\u00e9 19 de neuro-psycho-pharmacologie de l&#8217;INSERM),apr\u00e8s une premi\u00e8re formation \u00e0 Princeton (1965-1966) ou il a particuli\u00e8rement \u00e9tudi\u00e9 les effets des substances hallucinog\u00e8nes chez l&#8217;homme et l&#8217;animal au &#8220;New-Jersey Neuro-Psychiatric Institute &#8220;dirig\u00e9 par le Dr Humphrey Osmond (le p\u00e8re des &#8220;psychedelics&#8221;).<br \/>\nIl est l&#8217;auteur de quatres ouvrages : &#8220;Etats de conscience, sophrologie et yoga&#8221; (Tchou ,2006) &#8220;L&#8217;Homme Eveill\u00e9. Paradoxes du sommeil et du r\u00eave&#8221; (Sand-Tchou, 1990) ; &#8220;Du r\u00eave \u00e0 l&#8217;\u00e9veil. Bases physiologiques du sommeil&#8221; (Albin-Michel, 1987) ; &#8220;Les Aveugles \u00e9blouis. Les \u00e9tats limites de la conscience&#8221; (Albin-Michel, 1984).Il a publi\u00e9 140 articles scientifiques et r\u00e9alis\u00e9 trois films dont &#8220;La Caverne de Platon. Cartographie EEG d&#8217;une nuit de sommeil et de r\u00eave&#8221; (CNRS Audio-visuel, 26mn).<\/p>\n<p><strong>Abord neurocognitif des hallucinations verbales\u00a0&#8211; Neurocognitive approach of verbal hallucinations<\/strong><br \/>\nNicolas Franck, Phd &#8211; Psychiatry &#8211; Univ. Lyon 1, Centre de Neuroscience Cognitive (UMR 5229 CNRS) &amp; Centre Hospitalier Le Vinatier &#8211; <a href=\"http:\/\/www.isc.cnrs.fr\/jea\/nfranck.html\">www.isc.cnrs.fr\/jea\/nfranck.html<\/a><\/p>\n<p>Professeur des Universit\u00e9s &#8211; Praticien Hospitalier en psychiatrie au Centre hospitalier universitaire de Lyon. Il exerce des fonctions d&#8217;enseignement \u00e0 l&#8217;Universit\u00e9 Claude Bernard Lyon 1, des fonctions cliniques \u00e0 l&#8217;h\u00f4pital du Vinatier \u00e0 Bron et une activit\u00e9 de recherche \u00e0 l&#8217;Institut des Sciences Cognitives dans l&#8217;\u00e9quipe Psychopathologie de l&#8217;intention. Il s&#8217;int\u00e9resse aux relations entre les sympt\u00f4mes psychotiques et les anomalies c\u00e9r\u00e9brales organiques et fonctionnelles\u00a0 mises en \u00e9vidence chez les patients schizophr\u00e8nes. L&#8217;enregistrement des variables comportementales et des marqueurs de l&#8217;activit\u00e9 c\u00e9r\u00e9brales des patients plac\u00e9s dans des situations exp\u00e9rimentales sp\u00e9cifiques permet l&#8217;acquisition de r\u00e9sultats qui sont interpr\u00e9t\u00e9s en fonction de la symptomatologie des patients. L&#8217;objectif est de mod\u00e9liser les dysfonctions cognitives susceptibles de favoriser l&#8217;apparition des sympt\u00f4mes.<\/p>\n<p><strong>Synth\u00e8se des travaux pr\u00e9c\u00e9dents &#8211;\u00a0Synthesis of previous works<\/strong><br \/>\nJuan Gonzalez, Phd &#8211; Philosophy &#8211; University of Mexico, Cuernavaca<\/p>\n<p><strong>Discussion sur l&#8217;ayahuasca et autres plantes ma\u00eetres de la medecine traditionnelle Shipibo-Conibo &#8211;\u00a0Discussion on Ayahuasca and other master plants of Traditional Shipibo-Conibo Medicine<\/strong><br \/>\nJan Kounen\u00a0&#8211; Shamanism &#8211; (Film Director \/ Writer) &#8211; <a href=\"http:\/\/www.jankounen.com\/\">www.jankounen.com<\/a><\/p>\n<p><strong>Colloquim Presentation &#8211; Pr\u00e9sentation du Colloque<\/strong><br \/>\nAlexandre Lehmann, Phd &#8211; Cognitive Science &#8211; Universit\u00e9 Pierre et Marie Curie \/ Paris Hallucinations<\/p>\n<p><strong>Ibogaine addiction-therapy: outcome research, and psychedelic emergency services at Burning Man<\/strong><br \/>\nValerie Mojeiko\u00a0 &#8211; Therapy\/Society &#8211; Multidisciplinary Association for Psychedelic Studies &#8211; <a href=\"http:\/\/artemoc.scicog.fr\/www.maps.org\">Web<\/a><\/p>\n<p>Valerie has worked with MAPS&#8211;the Multidisciplinary Association for Psychedelic Studies since 2000, facilitating research of the healing potentials of MDMA (Ecstasy), LSD, Ibogaine and other psychedelic medicines. In her work leading MAPS&#8217; psychedelic harm-reduction project, Valerie has prepared over 200 volunteers to provide peer-based psychedelic emergency services from Burning Man to Tel Aviv. Formally educated at New College of Florida and the California Institute of Integral Studies (CIIS).<\/p>\n<p><strong>La microdynamique de l&#8217;experience perceptive &#8211;\u00a0The microdynamics of the perceptual experience<\/strong><br \/>\nClaire Petitmengin,\u00a0Phd &#8211; Phenomenology &#8211; INT, CREA &#8211; <a href=\"http:\/\/claire.petitmengin.free.fr\/\">Web <\/a><strong><\/strong><\/p>\n<p><strong>Les mod\u00e8les d&#8217;activations neuronales spontan\u00e9es &#8211;\u00a0Models of spontaneous neural activations<\/strong><br \/>\nJean Petitot, Phd &#8211; Phenomenology &amp; Neuroscience &#8211; Centre de Recherche en Epist\u00e9mologie Appliqu\u00e9e (CREA) &#8211; <a href=\"http:\/\/www.crea.polytechnique.fr\/JeanPetitot\/home.html\">Web<\/a><\/p>\n<p><strong>Ayahuasca visions : a program for cognitive research &#8211; Les Visions Ayahuasca : Un programme pour la recherche cognitive <\/strong><br \/>\nBenny Shanon, Phd &#8211; Psychology &#8211; Department of Psychology Hebrew University, Israel<\/p>\n<p><strong>The Problem of Hallucination and What It Tells About Representation &#8211;\u00a0Le\u00a0Probl\u00e8me des Hallucinations et ses cons\u00e9quences sur le concept de Repr\u00e9sentation<\/strong><br \/>\nMarkus Werning, Phd\u00a0 &#8211; Philosophy &#8211; Heinrich-Heine-University D\u00fcsseldorf &#8211; <a href=\"http:\/\/thphil.phil-fak.uni-duesseldorf.de\/index.php\/article\/archive\/8\">Web<\/a><\/p>\n<p><strong>Hallucinations in Trance:\u00a0 a point of view &#8211;\u00a0\u00a0Les hallucinations en transe : un point de vue <\/strong><br \/>\nDennis Wier, MD &#8211; Trance Research &#8211; Executive Director of The Trance Research Fundation &#8211; <a href=\"http:\/\/www.tranceresearch.org\/\">www.tranceresearch.org<\/a>\u00a0<a href=\"http:\/\/www.trance.edu\/\">www.trance.edu<\/a><\/p>\n<p>Dennis is a long-term meditator (over 35 years) with a high interest in trance research. He has written two books on trance and developed a model for trance. His background and experience includes many decades as a computer systems analyst, artist and yoga teacher.<\/p>\n<p>&nbsp;<\/p>\n<h2>Tables rondes<\/h2>\n<p>Trois tables rondes ont \u00e9galement \u00e9tait organis\u00e9e le samedi 29 mars\u00a0:<strong><br \/>\n&#8211; Sciences Empiriques et Subjectivit\u00e9<br \/>\n&#8211; Philosophie &amp; Hallucinations<br \/>\n&#8211; Applications Potentielles des \u00e9tats de conscience modifi\u00e9s<\/strong><\/p>\n<p>&nbsp;<\/p>\n<p>En plus de certains conf\u00e9renciers, les invit\u00e9s suivants ont pris part \u00e0 ces tables rondes :<\/p>\n<p style=\"text-align: left;\"><strong>Alain Berthoz, Phd\u00a0&#8211; Cognitive Neuroscience<\/strong><br \/>\nChaire de Physiologie de la Perception et de l&#8217;Action, College de France<\/p>\n<p style=\"text-align: left;\"><strong>Frederick Bois Mariage &#8211; Psychedelic Research<\/strong><\/p>\n<p style=\"text-align: left;\"><strong>Jer\u00f4me Dokic, Phd\u00a0&#8211; Philosphy<\/strong><br \/>\nInstitut Jean Nicod<\/p>\n<p style=\"text-align: left;\"><strong>Alexandre Quaranta, Phd &#8211; Dream Research<\/strong><br \/>\nrevelucide.com<\/p>\n<p style=\"text-align: left;\"><strong>Jean Michel Roy, Phd\u00a0&#8211; Philosophy<\/strong><br \/>\nCentre de recherche en \u00e9pist\u00e9mologie appliqu\u00e9e<\/p>\n<p style=\"text-align: left;\"><strong>Manuel Villaescusa &#8211; Psychology<\/strong><br \/>\nNeip.org<\/p>\n<p style=\"text-align: left;\"><strong>Michel le Van Quyen &#8211; Neuroscience<\/strong><br \/>\nLENA, Hopital Salpetriere<\/p>\n<h1>Programme<\/h1>\n<table>\n<tbody>\n<tr>\n<td width=\"37\">\n<p align=\"center\">DATE<\/p>\n<p align=\"center\">HORAIRE<\/p>\n<\/td>\n<td valign=\"top\" width=\"22%\">\n<p align=\"center\">Mercredi<\/p>\n<p align=\"center\">26 mars<\/p>\n<\/td>\n<td valign=\"top\" width=\"15%\">\n<p align=\"center\">Jeudi<\/p>\n<p align=\"center\">27 mars<\/p>\n<\/td>\n<td valign=\"top\" width=\"18%\">\n<p align=\"center\">Vendredi<\/p>\n<p align=\"center\">28 mars<\/p>\n<\/td>\n<td valign=\"top\" width=\"30%\">\n<p align=\"center\">Samedi<\/p>\n<p align=\"center\">29 mars<\/p>\n<\/td>\n<\/tr>\n<tr>\n<td valign=\"top\"><\/td>\n<td valign=\"top\">\n<p align=\"center\"><strong>9h00:<\/strong>\u00a0Inscription et bienvenue<\/p>\n<\/td>\n<td valign=\"top\"><\/td>\n<td valign=\"top\"><\/td>\n<td valign=\"top\"><\/td>\n<\/tr>\n<tr>\n<td valign=\"top\">\n<p align=\"center\">9h30-11h15<\/p>\n<\/td>\n<td valign=\"top\">\n<p align=\"center\"><strong>J. GONZALEZ &amp; A. LEHMANN<br \/>\n<\/strong>(Philosophie\/Sciences Cognitives)<\/p>\n<p>\u201cSynth\u00e8se de travaux pr\u00e9c\u00e9dents et pr\u00e9sentation du Colloque\u201d<\/p>\n<p align=\"center\">\u00a0<strong>PIERRE ETEVENON<\/strong><br \/>\n(Neuro-psycho-pharmaco)<em><br \/>\nPionnier de la recherche psych\u00e9d\u00e9lique en france<\/em><\/p>\n<p align=\"center\">&#8220;Allocution d&#8217;introdution&#8221;<\/p>\n<p align=\"center\">\n<\/td>\n<td valign=\"top\">\n<p align=\"center\"><strong>Jean PETITOT<br \/>\n<\/strong>(Sciences Cognitives)<\/p>\n<p align=\"center\">\u201cLes mod\u00e8les d&#8217;activations neuronales spontan\u00e9es\u201d<\/p>\n<\/td>\n<td valign=\"top\">\n<p align=\"center\"><strong>S\u00e9bastien BAUD<br \/>\n<\/strong>(Anthropologie)<\/p>\n<p align=\"center\">\u201cA propos de l\u2019ivresse, et de ses diff\u00e9rences, engendr\u00e9e par la prise de quatre plantes psychotropes parmi les Awaj\u00fan (groupe Jivaro, P\u00e9rou)\u201d<\/p>\n<\/td>\n<td valign=\"top\">\n<p align=\"center\">10h00: Table Ronde 1:<em>Sciences empiriques et subjectivit\u00e9<\/em>, avec:<\/p>\n<p><strong>Alain BERTHOZ<\/strong> (sciences cognitives)<strong><br \/>\nFr\u00e9d\u00e9rick BOIS-MARIAGE <\/strong>(pharmacologie)<br \/>\n<strong>Michel LE VAN QUYEN<br \/>\nManuel VILLAESCUSA <\/strong>(Psychologie\/psychoth\u00e9rapie)<\/td>\n<\/tr>\n<tr>\n<td valign=\"top\">\n<p align=\"center\">11h30-13h15<\/p>\n<\/td>\n<td valign=\"top\">\n<p align=\"center\"><strong>Rick DOBLIN<br \/>\n<\/strong>(Recherche Psych\u00e9d\u00e9lique \/ Soci\u00e9t\u00e9 )<\/p>\n<p align=\"center\">\u201cOverview of psychedelic research projects and strategy\u201d<\/p>\n<\/td>\n<td valign=\"top\">\n<p align=\"center\"><strong>Claire PETITMENGIN<br \/>\n<\/strong>(Philosophie\/Ph\u00e9nom\u00e9nologie)<\/p>\n<p>\u201cLa microdynamique de l\u2019exp\u00e9rience perceptive\u201d<\/td>\n<td valign=\"top\">\n<p align=\"center\"><strong>Nicolas FRANCK<\/strong><br \/>\n(Psychiatrie)<\/p>\n<p align=\"center\">\u201cAbord neurocognitif des hallucinations verbales\u201d<\/p>\n<\/td>\n<td valign=\"top\">\n<p align=\"center\">14h00: Table Ronde 2:<em>Philosophie et hallucinations<\/em>, avec<\/p>\n<p align=\"center\"><strong>J\u00e9r\u00f4me DOKIC<\/strong> (philosophie)<br \/>\n<strong>Jean-Michel ROY<\/strong> (philosophie)<strong><br \/>\nBenny SHANON <\/strong>(psychologie\/philosophie)<br \/>\n<strong>Markus WERNING<\/strong> (philosophie)<\/p>\n<\/td>\n<\/tr>\n<tr>\n<td valign=\"top\">\n<p align=\"center\"><em>Pause\u00a0\u00a0\u00a0 d\u00e9jeuner<\/em><\/p>\n<\/td>\n<td valign=\"top\"><\/td>\n<td valign=\"top\"><\/td>\n<td valign=\"top\"><\/td>\n<td valign=\"top\"><\/td>\n<\/tr>\n<tr>\n<td valign=\"top\">\n<p align=\"center\">15h00-16h45<\/p>\n<\/td>\n<td valign=\"top\">\n<p align=\"center\"><strong>Valerie MOJEIKO<br \/>\n<\/strong>(Therapy \/ Society)<\/p>\n<p align=\"center\">\u201cIbogaine addiction-therapy: outcome research and psychedelic emergency services at Burning Man\u201d<\/p>\n<\/td>\n<td valign=\"top\">\n<p align=\"center\"><strong>Benny SHANON<br \/>\n<\/strong>(Psychologie\/philosophie)<\/p>\n<p align=\"center\">\u201cAyahuasca visions : a program for cognitive research\u201d<\/p>\n<\/td>\n<td valign=\"top\">\n<p align=\"center\"><strong>Laurence CARUANA<\/strong><br \/>\n(Arts plastiques)<\/p>\n<p align=\"center\">\u201cEntheogens and Visionary Art\u201d<\/p>\n<\/td>\n<td valign=\"top\">\n<p align=\"center\">16h15: Table Ronde 3:<em>Applications potentielles des \u00e9tats modifi\u00e9s de conscience<\/em>, avec<br \/>\n<strong>Laurence CARUANA<\/strong>\u00a0(Arts plastiques)<br \/>\n<strong>Dennis WIER\u00a0<\/strong>(Trance Research)<br \/>\n<strong>Alexandre QUARANTA<\/strong>(Philosophie \/ R\u00eave Lucide)<\/p>\n<\/td>\n<\/tr>\n<tr>\n<td valign=\"top\">\n<p align=\"center\">17h00-18h45<\/p>\n<\/td>\n<td valign=\"top\">\n<p align=\"center\"><strong>Markus WERNING<\/strong><br \/>\n(Philosophie)<\/p>\n<p align=\"center\">&#8220;The Problem of Hallucination\u00a0and What It Tells About Representation&#8221;<\/p>\n<\/td>\n<td valign=\"top\">\n<p align=\"center\"><strong>Dennis WIER<br \/>\n<\/strong>(Trance Research)<\/p>\n<p align=\"center\">&#8220;Hallucinations in trance: a point of view&#8221;<\/p>\n<\/td>\n<td valign=\"top\">\n<p align=\"center\"><strong>Jan KOUNEN<br \/>\n<\/strong>(Shamanisme)<\/p>\n<p align=\"center\">\u201cDiscussion autour de L&#8217;Ayahuasca et des autres plantes ma\u00eetres de la m\u00e9decine traditionnelle Shipibo-Conibo\u201d<\/p>\n<\/td>\n<td valign=\"top\">\n<p align=\"center\">Cl\u00f4ture<\/p>\n<\/td>\n<\/tr>\n<tr>\n<td valign=\"top\"><\/td>\n<td valign=\"top\">\n<p align=\"center\">19h30:<\/p>\n<p align=\"center\">Pot de bienvenue<\/p>\n<p align=\"center\">+<\/p>\n<p align=\"center\">Caf\u00e9 Sciences Cog\u2019 sur les Hallucinations<\/p>\n<\/td>\n<td valign=\"top\">\n<p align=\"center\">20h00:<\/p>\n<p align=\"center\">Projection de films<\/p>\n<\/td>\n<td valign=\"top\"><\/td>\n<td valign=\"top\">\n<p align=\"center\">20h30:<\/p>\n<p align=\"center\">Soir\u00e9e conviviale<\/p>\n<p align=\"center\">\u00a0(repas et soir\u00e9e festive)<\/p>\n<\/td>\n<\/tr>\n<\/tbody>\n<\/table>\n","protected":false},"excerpt":{"rendered":"<p>Pr\u00e9sentation Le 1er Colloque de Printemps sur les Hallucinations dans la Philosophie et les Sciences Cognitives s&#8217;est tenu du 26 au 29\u00a0 mars 2008, \u00e0\u00a0&#8230;<\/p>\n","protected":false},"author":1,"featured_media":0,"parent":12,"menu_order":1,"comment_status":"closed","ping_status":"closed","template":"page-template-fullwidth.php","meta":{"spay_email":""},"jetpack_sharing_enabled":true,"jetpack_shortlink":"https:\/\/wp.me\/P7QpIM-3O","jetpack-related-posts":[{"id":14,"url":"https:\/\/artemoc.scicog.fr\/?page_id=14","url_meta":{"origin":236,"position":0},"title":"Ateliers 2007","date":"25\/10\/2012","format":false,"excerpt":"Pr\u00e9sentation Les ateliers 2007 ont \u00e9t\u00e9 la continuation du s\u00e9minaire 2006, qui a abord\u00e9 l\u2019exp\u00e9rience hallucinatoire dans un contexte transdisciplinaire afin de : 1) mieux comprendre sa ph\u00e9nom\u00e9nologie concomitante pr\u00e9cise; 2) \u00e9valuer la validit\u00e9 des arguments \u00e9pist\u00e9mologiques et le bien-fond\u00e9 de certaines postures dans la Th\u00e9orie de la Perception; 3)\u2026","rel":"","context":"Similar post","img":{"alt_text":"","src":"","width":0,"height":0},"classes":[]},{"id":47,"url":"https:\/\/artemoc.scicog.fr\/?page_id=47","url_meta":{"origin":236,"position":1},"title":"Colloque 2009","date":"25\/10\/2012","format":false,"excerpt":"Pr\u00e9sentation Pour cette deuxi\u00e8me \u00e9dition du Colloque de printemps sur les hallucinations et les \u00e9tats modifi\u00e9s de conscience (Paris, 8-11 avril 2009), nous avons con\u00e7u un programme qui capitalise les efforts et les r\u00e9sultats des manifestations pr\u00e9c\u00e9dentes, mais qui ouvre aussi sur de nouveaux champs de recherche concernant les \u00e9tats\u2026","rel":"","context":"Similar post","img":{"alt_text":"","src":"","width":0,"height":0},"classes":[]},{"id":413,"url":"https:\/\/artemoc.scicog.fr\/?page_id=413","url_meta":{"origin":236,"position":2},"title":"Colloque 2015","date":"02\/07\/2015","format":false,"excerpt":"Argument Le concept d\u2019hallucination et celui d\u2019\u00e9tat modifi\u00e9 de conscience sont utilis\u00e9s \u00e0 travers de nombreuses disciplines afin de d\u00e9signer un ensemble d\u2019exp\u00e9riences subjectives, de processus mentaux et de comportements auxquels se trouvent confront\u00e9s psychologues, psychiatres, neuroscientifiques, anthropologues ou encore philosophes. De nombreuses voix se sont toutefois \u00e9lev\u00e9es pour mettre\u2026","rel":"","context":"Similar post","img":{"alt_text":"","src":"https:\/\/i2.wp.com\/artemoc.scicog.fr\/wp-content\/uploads\/2015\/07\/Affiche_Colloque_ARTEMOC_2015_LD1-724x1024.jpg?resize=350%2C200","width":350,"height":200},"classes":[]},{"id":2,"url":"https:\/\/artemoc.scicog.fr\/","url_meta":{"origin":236,"position":3},"title":"Bienvenue sur la page de l'ARTEMOC","date":"25\/10\/2012","format":false,"excerpt":"Les \u00e9tats modifi\u00e9s de conscience (EMCs) ont depuis longtemps intrigu\u00e9 philosophes, chercheurs en sciences sociales et scientifiques. La connaissance que nous avons aujourd\u2019hui de ces \u00e9tats reste pourtant tr\u00e8s lacunaire et beaucoup des \u00e9tudes et des th\u00e9ories qui leur sont consacr\u00e9es sont m\u00e9thodologiquement insatisfaisantes et versent souvent dans le paranormal\u2026","rel":"","context":"Similar post","img":{"alt_text":"","src":"","width":0,"height":0},"classes":[]},{"id":22,"url":"https:\/\/artemoc.scicog.fr\/?page_id=22","url_meta":{"origin":236,"position":4},"title":"Ressources","date":"25\/10\/2012","format":false,"excerpt":"Rapport PIRSTEC\u00a0: Dumas, Gonz\u00e1lez, Lehmann, Recherche transdisciplinaire sur les hallucinations et autres \u00e9tats modifi\u00e9s de conscience (2009). [T\u00e9l\u00e9charger le PDF] Num\u00e9ro sp\u00e9cial d\u2019Intellectica\u00a0: Dumas, Fortier, Gonz\u00e1lez (\u00e9ds.), Les \u00e9tats modifi\u00e9s de conscience en question\u00a0: anciennes limites et nouvelles approches (2017). [Acc\u00e9der au num\u00e9ro]","rel":"","context":"Similar post","img":{"alt_text":"","src":"","width":0,"height":0},"classes":[]},{"id":12,"url":"https:\/\/artemoc.scicog.fr\/?page_id=12","url_meta":{"origin":236,"position":5},"title":"Ev\u00e8nements","date":"25\/10\/2012","format":false,"excerpt":"Ev\u00e8nements organis\u00e9s par l'ARTEMOC: S\u00e9minaire 2016 Colloque 2015 Colloque 2009 Colloque 2008 Ateliers 2007 \u00a0","rel":"","context":"Similar post","img":{"alt_text":"","src":"","width":0,"height":0},"classes":[]}],"_links":{"self":[{"href":"https:\/\/artemoc.scicog.fr\/index.php?rest_route=\/wp\/v2\/pages\/236"}],"collection":[{"href":"https:\/\/artemoc.scicog.fr\/index.php?rest_route=\/wp\/v2\/pages"}],"about":[{"href":"https:\/\/artemoc.scicog.fr\/index.php?rest_route=\/wp\/v2\/types\/page"}],"author":[{"embeddable":true,"href":"https:\/\/artemoc.scicog.fr\/index.php?rest_route=\/wp\/v2\/users\/1"}],"replies":[{"embeddable":true,"href":"https:\/\/artemoc.scicog.fr\/index.php?rest_route=%2Fwp%2Fv2%2Fcomments&post=236"}],"version-history":[{"count":11,"href":"https:\/\/artemoc.scicog.fr\/index.php?rest_route=\/wp\/v2\/pages\/236\/revisions"}],"predecessor-version":[{"id":398,"href":"https:\/\/artemoc.scicog.fr\/index.php?rest_route=\/wp\/v2\/pages\/236\/revisions\/398"}],"up":[{"embeddable":true,"href":"https:\/\/artemoc.scicog.fr\/index.php?rest_route=\/wp\/v2\/pages\/12"}],"wp:attachment":[{"href":"https:\/\/artemoc.scicog.fr\/index.php?rest_route=%2Fwp%2Fv2%2Fmedia&parent=236"}],"curies":[{"name":"wp","href":"https:\/\/api.w.org\/{rel}","templated":true}]}}